{"id":257,"date":"2025-06-18T18:09:32","date_gmt":"2025-06-18T16:09:32","guid":{"rendered":"https:\/\/rosalistemr.de\/?page_id=257"},"modified":"2025-06-25T20:51:54","modified_gmt":"2025-06-25T18:51:54","slug":"rosa-liste-im-studierendenparlament","status":"publish","type":"page","link":"https:\/\/rosalistemr.de\/en\/home\/hochschulpolitik\/rosa-liste-im-studierendenparlament\/","title":{"rendered":"Rosa Liste im Studierendenparlament"},"content":{"rendered":"<div class=\"wp-block-uagb-container uagb-block-8cff6aea alignfull uagb-is-root-container\">\n<div class=\"wp-block-uagb-container uagb-block-973a4b5b\">\n<div class=\"wp-block-uagb-container uagb-block-98eb9fb9\">\t\t\t<div class = \"wp-block-uagb-post-timeline uagb-timeline__outer-wrap uagb-block-99534a21    uagb-timeline__arrow-center uagb-timeline__center-block uagb_timeline__cta-enable uagb-timeline uagb-timeline__content-wrap\t\t\tuagb-timeline__arrow-center uagb-timeline__center-block uagb_timeline__cta-enable uagb-timeline uagb-timeline__content-wrap\"\n\t\t\tstyle=\"\" >\n\t\t\t\t\t\t\t\t\t\t\t<article class = \"uagb-timeline__field  uagb-timeline__right\">\n\t\t\t\t\t\t\t\t<div class = \"uagb-timeline__marker uagb-timeline__out-view-icon\" >\n\t\t\t\t<span class = \"uagb-timeline__icon-new uagb-timeline__out-view-icon\" >\t\t\t\t<svg xmlns=\"https:\/\/www.w3.org\/2000\/svg\" viewbox= \"0 0 448 512\"><path d=\"M160 32V64H288V32C288 14.33 302.3 0 320 0C337.7 0 352 14.33 352 32V64H400C426.5 64 448 85.49 448 112V160H0V112C0 85.49 21.49 64 48 64H96V32C96 14.33 110.3 0 128 0C145.7 0 160 14.33 160 32zM0 192H448V464C448 490.5 426.5 512 400 512H48C21.49 512 0 490.5 0 464V192zM64 304C64 312.8 71.16 320 80 320H112C120.8 320 128 312.8 128 304V272C128 263.2 120.8 256 112 256H80C71.16 256 64 263.2 64 272V304zM192 304C192 312.8 199.2 320 208 320H240C248.8 320 256 312.8 256 304V272C256 263.2 248.8 256 240 256H208C199.2 256 192 263.2 192 272V304zM336 256C327.2 256 320 263.2 320 272V304C320 312.8 327.2 320 336 320H368C376.8 320 384 312.8 384 304V272C384 263.2 376.8 256 368 256H336zM64 432C64 440.8 71.16 448 80 448H112C120.8 448 128 440.8 128 432V400C128 391.2 120.8 384 112 384H80C71.16 384 64 391.2 64 400V432zM208 384C199.2 384 192 391.2 192 400V432C192 440.8 199.2 448 208 448H240C248.8 448 256 440.8 256 432V400C256 391.2 248.8 384 240 384H208zM320 432C320 440.8 327.2 448 336 448H368C376.8 448 384 440.8 384 432V400C384 391.2 376.8 384 368 384H336C327.2 384 320 391.2 320 400V432z\"><\/path><\/svg>\n\t\t\t\t<\/span>\n\t\t\t<\/div>\n\t\t\t\t\t\t\t\t<div class = \"uagb-timeline__day-new uagb-timeline__day-right uagb-timeline__events-inner-new\" >\n\t\t\t\t\t\t<div class=\"uagb-timeline__events-inner--content\">\n\t\t\t\t\t\t\t\t\t\t\t<div datetime=\"2025-06-18T19:32:27+02:00\" class=\"uagb-timeline__date-hide uagb-timeline__inner-date-new\">\n\t\t\t\tJune 18, 2025\t\t\t<\/div>\n\t\t\t\t\t\t\t\t\t\t\t\t\t\t\t\t\t\t\t\t\t\t\t\t\t\t<h6 class=\"uagb-timeline__heading\" >\n\t\t\t\t\t<a href=\"https:\/\/rosalistemr.de\/en\/2025\/06\/18\/geschlechtliche-selbstbestimmung-der-mitglieder-der-universitaet-marburg\/\" target=\"_self\" rel=\"noopener noreferrer\">Geschlechtliche Selbstbestimmung der Mitglieder der Universit\u00e4t Marburg<\/a>\n\t\t\t\t<\/h6>\n\t\t\t\t\t\t\t\t\t\t<div class=\"uagb-timeline-desc-content\">\n\t\t\t\t<p>Die \u00dcberarbeitung des Immatrikulationsverfahrens in Auftrag zu geben, sodass dieses INTA -Personen die M\u00f6glichkeit gibt, sich an der Universit\u00e4t diskriminierungs- und barrierefrei mit den richtigen Namen und Anreden einzuschreiben. Hierzu ist es n\u00f6tig, f\u00fcr diese Personen das Bewerbungsverfahren in den elektronischen Systemen und imDokumentverkehr anzupassen, damit nur noch die von&#8230;\t\t\t<\/div>\n\t\t\t\t\t\t<div class=\"uagb-timeline__link_parent wp-block-button\">\n\t\t\t\t<a class=\"uagb-timeline__link wp-block-button__link\" style=\"\" href=\"https:\/\/rosalistemr.de\/en\/2025\/06\/18\/geschlechtliche-selbstbestimmung-der-mitglieder-der-universitaet-marburg\/\" target=\"_self\" rel=\" noopener noreferrer\">Zum ganzen Antrag<\/a>\n\t\t\t<\/div>\n\t\t\t\t\t\t\t\t\t\t\t<div class = \"uagb-timeline__arrow\"><\/div>\n\t\t\t\t\t\t<\/div>\n\t\t\t\t\t<\/div>\n\t\t\t\t\t\t\t\t\t\t\t\t\t\t<div datetime=\"2025-06-18T19:32:27+02:00\" class=\"uagb-timeline__date-new\">\n\t\t\t\tJune 18, 2025\t\t\t<\/div>\n\t\t\t\t\t\t\t\t\t\t\t<\/article>\n\t\t\t\t\t\t<article class = \"uagb-timeline__field  uagb-timeline__left\">\n\t\t\t\t\t\t\t\t<div class = \"uagb-timeline__marker uagb-timeline__out-view-icon\" >\n\t\t\t\t<span class = \"uagb-timeline__icon-new uagb-timeline__out-view-icon\" >\t\t\t\t<svg xmlns=\"https:\/\/www.w3.org\/2000\/svg\" viewbox= \"0 0 448 512\"><path d=\"M160 32V64H288V32C288 14.33 302.3 0 320 0C337.7 0 352 14.33 352 32V64H400C426.5 64 448 85.49 448 112V160H0V112C0 85.49 21.49 64 48 64H96V32C96 14.33 110.3 0 128 0C145.7 0 160 14.33 160 32zM0 192H448V464C448 490.5 426.5 512 400 512H48C21.49 512 0 490.5 0 464V192zM64 304C64 312.8 71.16 320 80 320H112C120.8 320 128 312.8 128 304V272C128 263.2 120.8 256 112 256H80C71.16 256 64 263.2 64 272V304zM192 304C192 312.8 199.2 320 208 320H240C248.8 320 256 312.8 256 304V272C256 263.2 248.8 256 240 256H208C199.2 256 192 263.2 192 272V304zM336 256C327.2 256 320 263.2 320 272V304C320 312.8 327.2 320 336 320H368C376.8 320 384 312.8 384 304V272C384 263.2 376.8 256 368 256H336zM64 432C64 440.8 71.16 448 80 448H112C120.8 448 128 440.8 128 432V400C128 391.2 120.8 384 112 384H80C71.16 384 64 391.2 64 400V432zM208 384C199.2 384 192 391.2 192 400V432C192 440.8 199.2 448 208 448H240C248.8 448 256 440.8 256 432V400C256 391.2 248.8 384 240 384H208zM320 432C320 440.8 327.2 448 336 448H368C376.8 448 384 440.8 384 432V400C384 391.2 376.8 384 368 384H336C327.2 384 320 391.2 320 400V432z\"><\/path><\/svg>\n\t\t\t\t<\/span>\n\t\t\t<\/div>\n\t\t\t\t\t\t\t\t<div class = \"uagb-timeline__day-new uagb-timeline__day-left uagb-timeline__events-inner-new\" >\n\t\t\t\t\t\t<div class=\"uagb-timeline__events-inner--content\">\n\t\t\t\t\t\t\t\t\t\t\t<div datetime=\"2025-06-18T19:27:08+02:00\" class=\"uagb-timeline__date-hide uagb-timeline__inner-date-new\">\n\t\t\t\tJune 18, 2025\t\t\t<\/div>\n\t\t\t\t\t\t\t\t\t\t\t\t\t\t\t\t\t\t\t\t\t\t\t\t\t\t<h6 class=\"uagb-timeline__heading\" >\n\t\t\t\t\t<a href=\"https:\/\/rosalistemr.de\/en\/2025\/06\/18\/antrag-gegen-den-ausschluss-von-studierenden-mit-hiv\/\" target=\"_self\" rel=\"noopener noreferrer\">Antrag gegen den Ausschluss von Studierenden mit HIV<\/a>\n\t\t\t\t<\/h6>\n\t\t\t\t\t\t\t\t\t\t<div class=\"uagb-timeline-desc-content\">\n\t\t\t\t<p>Antragsteller*innen: Rosa Liste, SDSDas Studierendenparlament m\u00f6ge beschlie\u00dfen:Das Vorgehen des Fachbereichs Medizin und der Uni Marburg beim Ausschluss von Studierenden miteiner HIV-Infektion ist st\u00e4rkstes zu verurteilen.Das Studierendenparlament und der AStA Vorstand werden damit beauftragt diesendiskriminierenden Strukturen entgegenzuwirken und sich in den Entscheidungstreffenden Gremienf\u00fcr eine Abschaffung und Aufarbeitung dieser Strukturen einzusetzen.Des Weiteren&#8230;\t\t\t<\/div>\n\t\t\t\t\t\t<div class=\"uagb-timeline__link_parent wp-block-button\">\n\t\t\t\t<a class=\"uagb-timeline__link wp-block-button__link\" style=\"\" href=\"https:\/\/rosalistemr.de\/en\/2025\/06\/18\/antrag-gegen-den-ausschluss-von-studierenden-mit-hiv\/\" target=\"_self\" rel=\" noopener noreferrer\">Zum ganzen Antrag<\/a>\n\t\t\t<\/div>\n\t\t\t\t\t\t\t\t\t\t\t<div class = \"uagb-timeline__arrow\"><\/div>\n\t\t\t\t\t\t<\/div>\n\t\t\t\t\t<\/div>\n\t\t\t\t\t\t\t\t\t\t\t\t\t\t<div datetime=\"2025-06-18T19:27:08+02:00\" class=\"uagb-timeline__date-new\">\n\t\t\t\tJune 18, 2025\t\t\t<\/div>\n\t\t\t\t\t\t\t\t\t\t\t<\/article>\n\t\t\t\t\t\t<article class = \"uagb-timeline__field  uagb-timeline__right\">\n\t\t\t\t\t\t\t\t<div class = \"uagb-timeline__marker uagb-timeline__out-view-icon\" >\n\t\t\t\t<span class = \"uagb-timeline__icon-new uagb-timeline__out-view-icon\" >\t\t\t\t<svg xmlns=\"https:\/\/www.w3.org\/2000\/svg\" viewbox= \"0 0 448 512\"><path d=\"M160 32V64H288V32C288 14.33 302.3 0 320 0C337.7 0 352 14.33 352 32V64H400C426.5 64 448 85.49 448 112V160H0V112C0 85.49 21.49 64 48 64H96V32C96 14.33 110.3 0 128 0C145.7 0 160 14.33 160 32zM0 192H448V464C448 490.5 426.5 512 400 512H48C21.49 512 0 490.5 0 464V192zM64 304C64 312.8 71.16 320 80 320H112C120.8 320 128 312.8 128 304V272C128 263.2 120.8 256 112 256H80C71.16 256 64 263.2 64 272V304zM192 304C192 312.8 199.2 320 208 320H240C248.8 320 256 312.8 256 304V272C256 263.2 248.8 256 240 256H208C199.2 256 192 263.2 192 272V304zM336 256C327.2 256 320 263.2 320 272V304C320 312.8 327.2 320 336 320H368C376.8 320 384 312.8 384 304V272C384 263.2 376.8 256 368 256H336zM64 432C64 440.8 71.16 448 80 448H112C120.8 448 128 440.8 128 432V400C128 391.2 120.8 384 112 384H80C71.16 384 64 391.2 64 400V432zM208 384C199.2 384 192 391.2 192 400V432C192 440.8 199.2 448 208 448H240C248.8 448 256 440.8 256 432V400C256 391.2 248.8 384 240 384H208zM320 432C320 440.8 327.2 448 336 448H368C376.8 448 384 440.8 384 432V400C384 391.2 376.8 384 368 384H336C327.2 384 320 391.2 320 400V432z\"><\/path><\/svg>\n\t\t\t\t<\/span>\n\t\t\t<\/div>\n\t\t\t\t\t\t\t\t<div class = \"uagb-timeline__day-new uagb-timeline__day-right uagb-timeline__events-inner-new\" >\n\t\t\t\t\t\t<div class=\"uagb-timeline__events-inner--content\">\n\t\t\t\t\t\t\t\t\t\t\t<div datetime=\"2025-06-18T19:24:37+02:00\" class=\"uagb-timeline__date-hide uagb-timeline__inner-date-new\">\n\t\t\t\tJune 18, 2025\t\t\t<\/div>\n\t\t\t\t\t\t\t\t\t\t\t\t\t\t\t\t\t\t\t\t\t\t\t\t\t\t<h6 class=\"uagb-timeline__heading\" >\n\t\t\t\t\t<a href=\"https:\/\/rosalistemr.de\/en\/2025\/06\/18\/antrag-zur-unterstuetzung-der-initiative-gesundheit-fuer-alle-in-hessen-anonymer-behandlungsschein-und-clearingstellen-vom-medinetz-marburg-e-v-und-medinetz-giessen\/\" target=\"_self\" rel=\"noopener noreferrer\">Antrag zur Unterst\u00fctzung der Initiative \u201eGesundheit f\u00fcr alle in Hessen\u201c- Anonymer Behandlungsschein und Clearingstellen vom Medinetz Marburg e.V. und medinetz Gie\u00dfen<\/a>\n\t\t\t\t<\/h6>\n\t\t\t\t\t\t\t\t\t\t<div class=\"uagb-timeline-desc-content\">\n\t\t\t\t<p>Antragsteller*innen: SDS.dielinke, Rosa Liste und Campus Gr\u00fcn Das Student*innenparlament m\u00f6ge folgendes beschlie\u00dfen: Das Student*innenparlament der Philipps-Universit\u00e4t Marburg unterst\u00fctzt die Initiative \u201eGesundheit f\u00fcr alle in Hessen\u201c vom Medinetz Marburg e.V. und medinetz Gie\u00dfen. Der AStA Marburg weist in seinen Webauftritten aktiv auf die Initiative hin. Begr\u00fcndung:Gesundheit ist ein Menschenrecht.In Deutschland ist&#8230;\t\t\t<\/div>\n\t\t\t\t\t\t<div class=\"uagb-timeline__link_parent wp-block-button\">\n\t\t\t\t<a class=\"uagb-timeline__link wp-block-button__link\" style=\"\" href=\"https:\/\/rosalistemr.de\/en\/2025\/06\/18\/antrag-zur-unterstuetzung-der-initiative-gesundheit-fuer-alle-in-hessen-anonymer-behandlungsschein-und-clearingstellen-vom-medinetz-marburg-e-v-und-medinetz-giessen\/\" target=\"_self\" rel=\" noopener noreferrer\">Zum ganzen Antrag<\/a>\n\t\t\t<\/div>\n\t\t\t\t\t\t\t\t\t\t\t<div class = \"uagb-timeline__arrow\"><\/div>\n\t\t\t\t\t\t<\/div>\n\t\t\t\t\t<\/div>\n\t\t\t\t\t\t\t\t\t\t\t\t\t\t<div datetime=\"2025-06-18T19:24:37+02:00\" class=\"uagb-timeline__date-new\">\n\t\t\t\tJune 18, 2025\t\t\t<\/div>\n\t\t\t\t\t\t\t\t\t\t\t<\/article>\n\t\t\t\t\t\t<article class = \"uagb-timeline__field  uagb-timeline__left\">\n\t\t\t\t\t\t\t\t<div class = \"uagb-timeline__marker uagb-timeline__out-view-icon\" >\n\t\t\t\t<span class = \"uagb-timeline__icon-new uagb-timeline__out-view-icon\" >\t\t\t\t<svg xmlns=\"https:\/\/www.w3.org\/2000\/svg\" viewbox= \"0 0 448 512\"><path d=\"M160 32V64H288V32C288 14.33 302.3 0 320 0C337.7 0 352 14.33 352 32V64H400C426.5 64 448 85.49 448 112V160H0V112C0 85.49 21.49 64 48 64H96V32C96 14.33 110.3 0 128 0C145.7 0 160 14.33 160 32zM0 192H448V464C448 490.5 426.5 512 400 512H48C21.49 512 0 490.5 0 464V192zM64 304C64 312.8 71.16 320 80 320H112C120.8 320 128 312.8 128 304V272C128 263.2 120.8 256 112 256H80C71.16 256 64 263.2 64 272V304zM192 304C192 312.8 199.2 320 208 320H240C248.8 320 256 312.8 256 304V272C256 263.2 248.8 256 240 256H208C199.2 256 192 263.2 192 272V304zM336 256C327.2 256 320 263.2 320 272V304C320 312.8 327.2 320 336 320H368C376.8 320 384 312.8 384 304V272C384 263.2 376.8 256 368 256H336zM64 432C64 440.8 71.16 448 80 448H112C120.8 448 128 440.8 128 432V400C128 391.2 120.8 384 112 384H80C71.16 384 64 391.2 64 400V432zM208 384C199.2 384 192 391.2 192 400V432C192 440.8 199.2 448 208 448H240C248.8 448 256 440.8 256 432V400C256 391.2 248.8 384 240 384H208zM320 432C320 440.8 327.2 448 336 448H368C376.8 448 384 440.8 384 432V400C384 391.2 376.8 384 368 384H336C327.2 384 320 391.2 320 400V432z\"><\/path><\/svg>\n\t\t\t\t<\/span>\n\t\t\t<\/div>\n\t\t\t\t\t\t\t\t<div class = \"uagb-timeline__day-new uagb-timeline__day-left uagb-timeline__events-inner-new\" >\n\t\t\t\t\t\t<div class=\"uagb-timeline__events-inner--content\">\n\t\t\t\t\t\t\t\t\t\t\t<div datetime=\"2025-06-18T19:15:49+02:00\" class=\"uagb-timeline__date-hide uagb-timeline__inner-date-new\">\n\t\t\t\tJune 18, 2025\t\t\t<\/div>\n\t\t\t\t\t\t\t\t\t\t\t\t\t\t\t\t\t\t\t\t\t\t\t\t\t\t<h6 class=\"uagb-timeline__heading\" >\n\t\t\t\t\t<a href=\"https:\/\/rosalistemr.de\/en\/2025\/06\/18\/antrag-zum-hissen-von-pride-flaggen-im-pride-month\/\" target=\"_self\" rel=\"noopener noreferrer\">Antrag zum Hissen von Pride-Flaggen im Pride-Month<\/a>\n\t\t\t\t<\/h6>\n\t\t\t\t\t\t\t\t\t\t<div class=\"uagb-timeline-desc-content\">\n\t\t\t\t<p>Antragsteller*innen: SDS.dielinke Marburg &amp; Rosa Liste Das Student*innenparlament m\u00f6ge folgendes beschlie\u00dfen:Die Philipps-Universit\u00e4t Marburg hisst im Rahmen des Pride-Months, welcher bekannterweise im Juni stattfindet, Pride-Fahnen, also solche, die diverse Sexualit\u00e4ten und Geschlechter repr\u00e4sentieren. Die Philipps Universit\u00e4t hisst verschiedene Flaggen (Progress-Flag, Rainbow Flag, Non-Binary-Flag, Asexual-Flag, Inter-Flag). Der AStA erwirkt dies beim Pr\u00e4sidium&#8230;.\t\t\t<\/div>\n\t\t\t\t\t\t<div class=\"uagb-timeline__link_parent wp-block-button\">\n\t\t\t\t<a class=\"uagb-timeline__link wp-block-button__link\" style=\"\" href=\"https:\/\/rosalistemr.de\/en\/2025\/06\/18\/antrag-zum-hissen-von-pride-flaggen-im-pride-month\/\" target=\"_self\" rel=\" noopener noreferrer\">Zum ganzen Antrag<\/a>\n\t\t\t<\/div>\n\t\t\t\t\t\t\t\t\t\t\t<div class = \"uagb-timeline__arrow\"><\/div>\n\t\t\t\t\t\t<\/div>\n\t\t\t\t\t<\/div>\n\t\t\t\t\t\t\t\t\t\t\t\t\t\t<div datetime=\"2025-06-18T19:15:49+02:00\" class=\"uagb-timeline__date-new\">\n\t\t\t\tJune 18, 2025\t\t\t<\/div>\n\t\t\t\t\t\t\t\t\t\t\t<\/article>\n\t\t\t\t\t\t<article class = \"uagb-timeline__field  uagb-timeline__right\">\n\t\t\t\t\t\t\t\t<div class = \"uagb-timeline__marker uagb-timeline__out-view-icon\" >\n\t\t\t\t<span class = \"uagb-timeline__icon-new uagb-timeline__out-view-icon\" >\t\t\t\t<svg xmlns=\"https:\/\/www.w3.org\/2000\/svg\" viewbox= \"0 0 448 512\"><path d=\"M160 32V64H288V32C288 14.33 302.3 0 320 0C337.7 0 352 14.33 352 32V64H400C426.5 64 448 85.49 448 112V160H0V112C0 85.49 21.49 64 48 64H96V32C96 14.33 110.3 0 128 0C145.7 0 160 14.33 160 32zM0 192H448V464C448 490.5 426.5 512 400 512H48C21.49 512 0 490.5 0 464V192zM64 304C64 312.8 71.16 320 80 320H112C120.8 320 128 312.8 128 304V272C128 263.2 120.8 256 112 256H80C71.16 256 64 263.2 64 272V304zM192 304C192 312.8 199.2 320 208 320H240C248.8 320 256 312.8 256 304V272C256 263.2 248.8 256 240 256H208C199.2 256 192 263.2 192 272V304zM336 256C327.2 256 320 263.2 320 272V304C320 312.8 327.2 320 336 320H368C376.8 320 384 312.8 384 304V272C384 263.2 376.8 256 368 256H336zM64 432C64 440.8 71.16 448 80 448H112C120.8 448 128 440.8 128 432V400C128 391.2 120.8 384 112 384H80C71.16 384 64 391.2 64 400V432zM208 384C199.2 384 192 391.2 192 400V432C192 440.8 199.2 448 208 448H240C248.8 448 256 440.8 256 432V400C256 391.2 248.8 384 240 384H208zM320 432C320 440.8 327.2 448 336 448H368C376.8 448 384 440.8 384 432V400C384 391.2 376.8 384 368 384H336C327.2 384 320 391.2 320 400V432z\"><\/path><\/svg>\n\t\t\t\t<\/span>\n\t\t\t<\/div>\n\t\t\t\t\t\t\t\t<div class = \"uagb-timeline__day-new uagb-timeline__day-right uagb-timeline__events-inner-new\" >\n\t\t\t\t\t\t<div class=\"uagb-timeline__events-inner--content\">\n\t\t\t\t\t\t\t\t\t\t\t<div datetime=\"2023-11-22T18:00:00+01:00\" class=\"uagb-timeline__date-hide uagb-timeline__inner-date-new\">\n\t\t\t\tNovember 22, 2023\t\t\t<\/div>\n\t\t\t\t\t\t\t\t\t\t\t\t\t\t\t\t\t\t\t\t\t\t\t\t\t\t<h6 class=\"uagb-timeline__heading\" >\n\t\t\t\t\t<a href=\"https:\/\/rosalistemr.de\/en\/2023\/11\/22\/physiologie-statt-stereotype-im-sport\/\" target=\"_self\" rel=\"noopener noreferrer\">Physiologie statt Stereotype im Sport<\/a>\n\t\t\t\t<\/h6>\n\t\t\t\t\t\t\t\t\t\t<div class=\"uagb-timeline-desc-content\">\n\t\t\t\t<p>Das Studierendenparlament m\u00f6ge beschlie\u00dfen: Die Studierendenschaft setzt sich f\u00fcr folgende Ziele f\u00fcr die Studieng\u00e4nge Sport und Bewegungswissenschaften ein: Die Studierendenschaft lehnt die Leitungseinteilung der bewegungspraktischen Pr\u00fcfungen nach \u201eM\u00e4nner\u201c und \u201eFrauen\u201c beziehungsweise \u201eStudentinnen\u201c und \u201eStudenten\u201c ab und fordert eine Abschaffung dieser bin\u00e4r kategorisierten Berwertungsgrundlagen. Die Studierendenschaft fordert eine Bewertung nach Physiologie&#8230;\t\t\t<\/div>\n\t\t\t\t\t\t<div class=\"uagb-timeline__link_parent wp-block-button\">\n\t\t\t\t<a class=\"uagb-timeline__link wp-block-button__link\" style=\"\" href=\"https:\/\/rosalistemr.de\/en\/2023\/11\/22\/physiologie-statt-stereotype-im-sport\/\" target=\"_self\" rel=\" noopener noreferrer\">Zum ganzen Antrag<\/a>\n\t\t\t<\/div>\n\t\t\t\t\t\t\t\t\t\t\t<div class = \"uagb-timeline__arrow\"><\/div>\n\t\t\t\t\t\t<\/div>\n\t\t\t\t\t<\/div>\n\t\t\t\t\t\t\t\t\t\t\t\t\t\t<div datetime=\"2023-11-22T18:00:00+01:00\" class=\"uagb-timeline__date-new\">\n\t\t\t\tNovember 22, 2023\t\t\t<\/div>\n\t\t\t\t\t\t\t\t\t\t\t<\/article>\n\t\t\t\t\t\t<article class = \"uagb-timeline__field  uagb-timeline__left\">\n\t\t\t\t\t\t\t\t<div class = \"uagb-timeline__marker uagb-timeline__out-view-icon\" >\n\t\t\t\t<span class = \"uagb-timeline__icon-new uagb-timeline__out-view-icon\" >\t\t\t\t<svg xmlns=\"https:\/\/www.w3.org\/2000\/svg\" viewbox= \"0 0 448 512\"><path d=\"M160 32V64H288V32C288 14.33 302.3 0 320 0C337.7 0 352 14.33 352 32V64H400C426.5 64 448 85.49 448 112V160H0V112C0 85.49 21.49 64 48 64H96V32C96 14.33 110.3 0 128 0C145.7 0 160 14.33 160 32zM0 192H448V464C448 490.5 426.5 512 400 512H48C21.49 512 0 490.5 0 464V192zM64 304C64 312.8 71.16 320 80 320H112C120.8 320 128 312.8 128 304V272C128 263.2 120.8 256 112 256H80C71.16 256 64 263.2 64 272V304zM192 304C192 312.8 199.2 320 208 320H240C248.8 320 256 312.8 256 304V272C256 263.2 248.8 256 240 256H208C199.2 256 192 263.2 192 272V304zM336 256C327.2 256 320 263.2 320 272V304C320 312.8 327.2 320 336 320H368C376.8 320 384 312.8 384 304V272C384 263.2 376.8 256 368 256H336zM64 432C64 440.8 71.16 448 80 448H112C120.8 448 128 440.8 128 432V400C128 391.2 120.8 384 112 384H80C71.16 384 64 391.2 64 400V432zM208 384C199.2 384 192 391.2 192 400V432C192 440.8 199.2 448 208 448H240C248.8 448 256 440.8 256 432V400C256 391.2 248.8 384 240 384H208zM320 432C320 440.8 327.2 448 336 448H368C376.8 448 384 440.8 384 432V400C384 391.2 376.8 384 368 384H336C327.2 384 320 391.2 320 400V432z\"><\/path><\/svg>\n\t\t\t\t<\/span>\n\t\t\t<\/div>\n\t\t\t\t\t\t\t\t<div class = \"uagb-timeline__day-new uagb-timeline__day-left uagb-timeline__events-inner-new\" >\n\t\t\t\t\t\t<div class=\"uagb-timeline__events-inner--content\">\n\t\t\t\t\t\t\t\t\t\t\t<div datetime=\"2016-03-02T20:00:00+01:00\" class=\"uagb-timeline__date-hide uagb-timeline__inner-date-new\">\n\t\t\t\tMarch 2, 2016\t\t\t<\/div>\n\t\t\t\t\t\t\t\t\t\t\t\t\t\t\t\t\t\t\t\t\t\t\t\t\t\t<h6 class=\"uagb-timeline__heading\" >\n\t\t\t\t\t<a href=\"https:\/\/rosalistemr.de\/en\/2016\/03\/02\/antrag-antidiskriminierungsstelle\/\" target=\"_self\" rel=\"noopener noreferrer\">Antrag zur Intervention gegen Diskriminierung von trans* &amp; inter Studis<\/a>\n\t\t\t\t<\/h6>\n\t\t\t\t\t\t\t\t\t\t<div class=\"uagb-timeline-desc-content\">\n\t\t\t\t<p>Das Studiererendenparlament m\u00f6ge sich folgenderma\u00dfen positionieren:Die Vielfalt von Geschlecht ist Realit\u00e4t des universit\u00e4ren Alltags. Das Studierendenparlament spricht sich f\u00fcr die F\u00f6rderung von selbstbestimmten und emanzipatorischen Strukturen aus, und unterstreicht f\u00f6rderhin die Wichtigkeit der Sichtbarkeit, und das Empowerment, von trans* und inter Personen. Die Studierendenschaft an der Philipps-Universit\u00e4t Marburg positioniert sich&#8230;\t\t\t<\/div>\n\t\t\t\t\t\t<div class=\"uagb-timeline__link_parent wp-block-button\">\n\t\t\t\t<a class=\"uagb-timeline__link wp-block-button__link\" style=\"\" href=\"https:\/\/rosalistemr.de\/en\/2016\/03\/02\/antrag-antidiskriminierungsstelle\/\" target=\"_self\" rel=\" noopener noreferrer\">Zum ganzen Antrag<\/a>\n\t\t\t<\/div>\n\t\t\t\t\t\t\t\t\t\t\t<div class = \"uagb-timeline__arrow\"><\/div>\n\t\t\t\t\t\t<\/div>\n\t\t\t\t\t<\/div>\n\t\t\t\t\t\t\t\t\t\t\t\t\t\t<div datetime=\"2016-03-02T20:00:00+01:00\" class=\"uagb-timeline__date-new\">\n\t\t\t\tMarch 2, 2016\t\t\t<\/div>\n\t\t\t\t\t\t\t\t\t\t\t<\/article>\n\t\t\t\t\t\t\t\t\t\t<div class = \"uagb-timeline__line\" >\n\t\t\t\t\t<div class = \"uagb-timeline__line__inner\"><\/div>\n\t\t\t\t<\/div>\n\t\t\t<\/div>\n\t\t\t<\/div>\n<\/div>\n\n\n\n<div class=\"wp-block-uagb-container uagb-block-626780b0\"><\/div>\n<\/div>","protected":false},"excerpt":{"rendered":"","protected":false},"author":4,"featured_media":0,"parent":343,"menu_order":0,"comment_status":"closed","ping_status":"closed","template":"","meta":{"_crdt_document":"","_uag_custom_page_level_css":"","footnotes":""},"class_list":["post-257","page","type-page","status-publish","hentry"],"uagb_featured_image_src":{"full":false,"thumbnail":false,"medium":false,"medium_large":false,"large":false,"1536x1536":false,"2048x2048":false,"trp-custom-language-flag":false,"post-thumbnail":false,"twentytwenty-fullscreen":false},"uagb_author_info":{"display_name":"Viktoria Ehrke","author_link":"https:\/\/rosalistemr.de\/en\/author\/vi\/"},"uagb_comment_info":0,"uagb_excerpt":null,"_links":{"self":[{"href":"https:\/\/rosalistemr.de\/en\/wp-json\/wp\/v2\/pages\/257","targetHints":{"allow":["GET"]}}],"collection":[{"href":"https:\/\/rosalistemr.de\/en\/wp-json\/wp\/v2\/pages"}],"about":[{"href":"https:\/\/rosalistemr.de\/en\/wp-json\/wp\/v2\/types\/page"}],"author":[{"embeddable":true,"href":"https:\/\/rosalistemr.de\/en\/wp-json\/wp\/v2\/users\/4"}],"replies":[{"embeddable":true,"href":"https:\/\/rosalistemr.de\/en\/wp-json\/wp\/v2\/comments?post=257"}],"version-history":[{"count":8,"href":"https:\/\/rosalistemr.de\/en\/wp-json\/wp\/v2\/pages\/257\/revisions"}],"predecessor-version":[{"id":308,"href":"https:\/\/rosalistemr.de\/en\/wp-json\/wp\/v2\/pages\/257\/revisions\/308"}],"up":[{"embeddable":true,"href":"https:\/\/rosalistemr.de\/en\/wp-json\/wp\/v2\/pages\/343"}],"wp:attachment":[{"href":"https:\/\/rosalistemr.de\/en\/wp-json\/wp\/v2\/media?parent=257"}],"curies":[{"name":"wp","href":"https:\/\/api.w.org\/{rel}","templated":true}]}}