{"id":201,"date":"2025-06-06T22:55:29","date_gmt":"2025-06-06T20:55:29","guid":{"rendered":"https:\/\/rosalistemr.de\/?page_id=201"},"modified":"2025-06-25T19:05:05","modified_gmt":"2025-06-25T17:05:05","slug":"hochschulwahlen-2025","status":"publish","type":"page","link":"https:\/\/rosalistemr.de\/en\/home\/hochschulwahlen-2025\/","title":{"rendered":"University Election 2025"},"content":{"rendered":"<div class=\"wp-block-uagb-countdown uagb-block-94fc344b\"><div class=\"wp-block-uagb-countdown__box wp-block-uagb-countdown__box-days\"><div role=\"timer\" aria-live=\"off\" class=\"wp-block-uagb-countdown__time wp-block-uagb-countdown__time-days\">&#8211;<\/div><div class=\"wp-block-uagb-countdown__label\">DAYS<\/div><\/div><div class=\"wp-block-uagb-countdown__box wp-block-uagb-countdown__box-hours\"><div role=\"timer\" aria-live=\"off\" class=\"wp-block-uagb-countdown__time wp-block-uagb-countdown__time-hours\">&#8211;<\/div><div class=\"wp-block-uagb-countdown__label\">HOURS<\/div><\/div><div class=\"wp-block-uagb-countdown__box wp-block-uagb-countdown__box-minutes\"><div role=\"timer\" aria-live=\"off\" class=\"wp-block-uagb-countdown__time wp-block-uagb-countdown__time-minutes\">&#8211;<\/div><div class=\"wp-block-uagb-countdown__label\">MINUTES<\/div><\/div><div class=\"wp-block-uagb-countdown__box wp-block-uagb-countdown__box-seconds\"><div role=\"timer\" aria-live=\"off\" class=\"wp-block-uagb-countdown__time wp-block-uagb-countdown__time-seconds\">&#8211;<\/div><div class=\"wp-block-uagb-countdown__label\">SECONDS<\/div><\/div><\/div>\n\n\n\n<div class=\"wp-block-uagb-buttons uagb-buttons__outer-wrap uagb-btn__default-btn uagb-btn-tablet__default-btn uagb-btn-mobile__default-btn uagb-block-b0d74fe2\"><div class=\"uagb-buttons__wrap uagb-buttons-layout-wrap\">\n<div class=\"wp-block-uagb-buttons-child uagb-buttons__outer-wrap uagb-block-a9c6204a wp-block-button\"><div class=\"uagb-button__wrapper\"><a class=\"uagb-buttons-repeater wp-block-button__link\" aria-label=\"\" href=\"https:\/\/wahlen.online.uni-marburg.de\/\" rel=\"follow noopener\" target=\"_self\" role=\"button\"><div class=\"uagb-button__link\">Zu den Wahlen<\/div><\/a><\/div><\/div>\n<\/div><\/div>\n\n\n\n<h2 class=\"wp-block-heading\">F\u00fcr euch in StuPa &amp; Senat!<\/h2>\n\n\n\n<p class=\"wp-block-paragraph\">Wir kandidieren bei den diesj\u00e4hrigen Hochschulwahlen sowohl f\u00fcr das <strong>Studierendenparlament (StuPa)<\/strong> als auch, gemeinsam mit der <em>gr\u00fcne liste. soziale, klimagerechte Uni f\u00fcr Alle!<\/em> , f\u00fcr den <strong>Senat<\/strong> mit dem Namen &#8222;Gr\u00fcne Liste x Rosa Liste&#8220;<\/p>\n\n\n\n<div class=\"wp-block-uagb-inline-notice uagb-inline_notice__align-left uagb-block-aa4ea3b5\"><button class=\"uagb-notice-close-button\" type=\"button\" aria-label=\"Close\"><\/button><h4 class=\"uagb-notice-title\">Stupa ~ Rosa Liste<\/h4><div class=\"uagb-notice-text\">\n<p class=\"wp-block-paragraph\">Im <strong>Student Parliament <\/strong>sind wir als Rosa Liste eine entschlossene Stimme gegen Diskriminierung, K\u00fcrzungen und Leistungsdruck. Wir stehen f\u00fcr eine solidarische Hochschulpolitik. <br>Das <strong>Student Parliament <\/strong>ist f\u00fcr uns kein Verwaltungsorgan , sondern muss der Raum f\u00fcr politische Auseinandersetzung und emanzipatorische Praxis sein.<\/p>\n<\/div><\/div>\n\n\n\n<div class=\"wp-block-uagb-inline-notice uagb-inline_notice__align-left uagb-block-c85a08c5\"><button class=\"uagb-notice-close-button\" type=\"button\" aria-label=\"Close\"><\/button><h4 class=\"uagb-notice-title\">Senat ~ Gr\u00fcne Liste x Rosa Liste<\/h4><div class=\"uagb-notice-text\">\n<p class=\"wp-block-paragraph\">Im <strong>Senat <\/strong>treten wir gemeinsam mit der <em>gr\u00fcnen Liste<\/em>. Gemeinsam wollen wir and der Universit\u00e4t die Themen Klimagerechtigkeit und Antidiskriminierung in den Vordergrund r\u00fccken.<\/p>\n<\/div><\/div>\n\n\n\n<div class=\"wp-block-uagb-advanced-heading uagb-block-70fc286c\"><h2 class=\"uagb-heading-text\">Unsere Wahlzeitung<\/h2><\/div>\n\n\n\n<div class=\"wp-block-uagb-container uagb-block-6d22be2a alignfull uagb-is-root-container\">\n<div class=\"wp-block-uagb-container uagb-block-754cd1f5\">\n<div class=\"wp-block-uagb-image uagb-block-5ca91e86 wp-block-uagb-image--layout-default wp-block-uagb-image--effect-static wp-block-uagb-image--align-none\"><figure class=\"wp-block-uagb-image__figure\"><img decoding=\"async\" srcset=\"https:\/\/rosalistemr.de\/wp-content\/uploads\/2025\/06\/wz_rosaliste-1-724x1024.png ,https:\/\/rosalistemr.de\/wp-content\/uploads\/2025\/06\/wz_rosaliste-1.png 780w, https:\/\/rosalistemr.de\/wp-content\/uploads\/2025\/06\/wz_rosaliste-1.png 360w\" sizes=\"auto, (max-width: 480px) 150px\" src=\"https:\/\/rosalistemr.de\/wp-content\/uploads\/2025\/06\/wz_rosaliste-1-724x1024.png\" alt=\"\" class=\"uag-image-202\" width=\"1654\" height=\"2339\" title=\"wz_rosaliste-1\" loading=\"lazy\" role=\"img\"\/><\/figure><\/div>\n<\/div>\n\n\n\n<div class=\"wp-block-uagb-container uagb-block-b59a2c63\">\n<div class=\"wp-block-uagb-image uagb-block-d214be3f wp-block-uagb-image--layout-default wp-block-uagb-image--effect-static wp-block-uagb-image--align-none\"><figure class=\"wp-block-uagb-image__figure\"><img decoding=\"async\" srcset=\"https:\/\/rosalistemr.de\/wp-content\/uploads\/2025\/06\/wz_rosaliste-2-724x1024.png ,https:\/\/rosalistemr.de\/wp-content\/uploads\/2025\/06\/wz_rosaliste-2.png 780w, https:\/\/rosalistemr.de\/wp-content\/uploads\/2025\/06\/wz_rosaliste-2.png 360w\" sizes=\"auto, (max-width: 480px) 150px\" src=\"https:\/\/rosalistemr.de\/wp-content\/uploads\/2025\/06\/wz_rosaliste-2-724x1024.png\" alt=\"\" class=\"uag-image-203\" width=\"1654\" height=\"2339\" title=\"wz_rosaliste-2\" loading=\"lazy\" role=\"img\"\/><\/figure><\/div>\n<\/div>\n<\/div>","protected":false},"excerpt":{"rendered":"<p>F\u00fcr euch in StuPa &amp; Senat! Wir kandidieren bei den diesj\u00e4hrigen Hochschulwahlen sowohl f\u00fcr das Studierendenparlament (StuPa) als auch, gemeinsam mit der gr\u00fcne liste. soziale, klimagerechte Uni f\u00fcr Alle! , [&hellip;]<\/p>","protected":false},"author":4,"featured_media":0,"parent":54,"menu_order":0,"comment_status":"closed","ping_status":"closed","template":"","meta":{"_crdt_document":"","_uag_custom_page_level_css":"","footnotes":""},"class_list":["post-201","page","type-page","status-publish","hentry"],"uagb_featured_image_src":{"full":false,"thumbnail":false,"medium":false,"medium_large":false,"large":false,"1536x1536":false,"2048x2048":false,"trp-custom-language-flag":false,"post-thumbnail":false,"twentytwenty-fullscreen":false},"uagb_author_info":{"display_name":"Viktoria Ehrke","author_link":"https:\/\/rosalistemr.de\/en\/author\/vi\/"},"uagb_comment_info":0,"uagb_excerpt":"F\u00fcr euch in StuPa &amp; Senat! Wir kandidieren bei den diesj\u00e4hrigen Hochschulwahlen sowohl f\u00fcr das Studierendenparlament (StuPa) als auch, gemeinsam mit der gr\u00fcne liste. soziale, klimagerechte Uni f\u00fcr Alle! , [&hellip;]","_links":{"self":[{"href":"https:\/\/rosalistemr.de\/en\/wp-json\/wp\/v2\/pages\/201","targetHints":{"allow":["GET"]}}],"collection":[{"href":"https:\/\/rosalistemr.de\/en\/wp-json\/wp\/v2\/pages"}],"about":[{"href":"https:\/\/rosalistemr.de\/en\/wp-json\/wp\/v2\/types\/page"}],"author":[{"embeddable":true,"href":"https:\/\/rosalistemr.de\/en\/wp-json\/wp\/v2\/users\/4"}],"replies":[{"embeddable":true,"href":"https:\/\/rosalistemr.de\/en\/wp-json\/wp\/v2\/comments?post=201"}],"version-history":[{"count":21,"href":"https:\/\/rosalistemr.de\/en\/wp-json\/wp\/v2\/pages\/201\/revisions"}],"predecessor-version":[{"id":335,"href":"https:\/\/rosalistemr.de\/en\/wp-json\/wp\/v2\/pages\/201\/revisions\/335"}],"up":[{"embeddable":true,"href":"https:\/\/rosalistemr.de\/en\/wp-json\/wp\/v2\/pages\/54"}],"wp:attachment":[{"href":"https:\/\/rosalistemr.de\/en\/wp-json\/wp\/v2\/media?parent=201"}],"curies":[{"name":"wp","href":"https:\/\/api.w.org\/{rel}","templated":true}]}}